{"id":9618,"date":"2020-06-13T18:02:16","date_gmt":"2020-06-13T16:02:16","guid":{"rendered":"https:\/\/www.biblistica.it\/?page_id=9618"},"modified":"2023-07-31T03:52:29","modified_gmt":"2023-07-31T01:52:29","slug":"corsi-per-principianti","status":"publish","type":"page","link":"https:\/\/www.biblistica.it\/?page_id=9618","title":{"rendered":"Corsi per principianti"},"content":{"rendered":"\n<p class=\"wp-block-paragraph\"><strong>Imparare a leggere l&#8217;ebraico e il greco usando la Bibbia<\/strong><\/p>\n\n\n\n<p class=\"wp-block-paragraph\"><a href=\"https:\/\/www.biblistica.it\/wp-content\/uploads\/2023\/07\/0-Presentazione-1.pdf\" target=\"_blank\" rel=\"noreferrer noopener\">Presentazione<\/a><\/p>\n\n\n\n<p class=\"wp-block-paragraph\"><\/p>\n\n\n\n<p class=\"wp-block-paragraph\"><strong>Imparare a leggere l&#8217;ebraico usando la Bibbia<\/strong><\/p>\n\n\n\n<p class=\"wp-block-paragraph\"><a href=\"https:\/\/www.biblistica.it\/wp-content\/uploads\/2023\/07\/1-\u2013-Lebraico-si-legge-da-destra-a-sinistra-Copia.pdf\" target=\"_blank\" rel=\"noreferrer noopener\">1 \u2013 L\u2019ebraico si legge da destra a sinistra<\/a><\/p>\n\n\n\n<p class=\"wp-block-paragraph\"><a href=\"https:\/\/www.biblistica.it\/wp-content\/uploads\/2023\/07\/2-Le-vocali-a-e-i-o-u-\u2026-e-non-ci-pensiamo-piu-2.pdf\" target=\"_blank\" rel=\"noreferrer noopener\">2 &#8211; Le vocali a, e, i , o, u \u2026 e non ci pensiamo pi\u00f9!<\/a><\/p>\n\n\n\n<p class=\"wp-block-paragraph\"><a href=\"https:\/\/www.biblistica.it\/wp-content\/uploads\/2023\/07\/3-Nella-grammatica-nasceva-lo-sceva.pdf\" target=\"_blank\" rel=\"noreferrer noopener\">3 &#8211; Nella grammatica nasceva lo <em>scev\u00e0<\/em><\/a><\/p>\n\n\n\n<p class=\"wp-block-paragraph\"><a href=\"https:\/\/www.biblistica.it\/wp-content\/uploads\/2023\/07\/4-Sillabe-e-tonificanti.pdf\" target=\"_blank\" rel=\"noreferrer noopener\">4 &#8211; Sillabe e tonificanti<\/a><\/p>\n\n\n\n<p class=\"wp-block-paragraph\"><a href=\"https:\/\/www.biblistica.it\/wp-content\/uploads\/2023\/07\/5-Be-in-fondo-e-facile-studiare-a-casa.pdf\" target=\"_blank\" rel=\"noreferrer noopener\">5 &#8211; B\u00e8, in fondo \u00e8 facile studiare a casa<\/a><\/p>\n\n\n\n<p class=\"wp-block-paragraph\"><a href=\"https:\/\/www.biblistica.it\/wp-content\/uploads\/2023\/07\/6-\u2013-Erre-tu-mi-fai-girar-la-testa-1.pdf\" target=\"_blank\" rel=\"noreferrer noopener\">6 \u2013 Erre, tu mi fai girar la testa<\/a><\/p>\n\n\n\n<p class=\"wp-block-paragraph\"><a href=\"https:\/\/www.biblistica.it\/wp-content\/uploads\/2023\/07\/7-\u2013-Alef-il-bue-muto-1.pdf\" target=\"_blank\" rel=\"noreferrer noopener\">7 \u2013 <em>\u00c0lef<\/em>, il bue muto<\/a><\/p>\n\n\n\n<p class=\"wp-block-paragraph\"><a href=\"https:\/\/www.biblistica.it\/wp-content\/uploads\/2023\/07\/8-\u2013-Scin-lei-scia.pdf\" target=\"_blank\" rel=\"noreferrer noopener\">8 \u2013 <em>Scin<\/em>, lei scia<\/a><\/p>\n\n\n\n<p class=\"wp-block-paragraph\"><a href=\"https:\/\/www.biblistica.it\/wp-content\/uploads\/2023\/07\/9-\u2013-Limportanza-della-virgola.pdf\" target=\"_blank\" rel=\"noreferrer noopener\">9 \u2013 L\u2019importanza della \u00abvirgola\u00bb<\/a><\/p>\n\n\n\n<p class=\"wp-block-paragraph\"><a href=\"https:\/\/www.biblistica.it\/wp-content\/uploads\/2023\/07\/10-\u2013-Lamed-la-piu-alta-la-lassu-medita.pdf\" target=\"_blank\" rel=\"noreferrer noopener\">10 \u2013<em> L\u00e0med<\/em>, la pi\u00f9 alta, l\u00e0, lass\u00f9, medita<\/a><\/p>\n\n\n\n<p class=\"wp-block-paragraph\"><a href=\"https:\/\/www.biblistica.it\/wp-content\/uploads\/2023\/07\/11-\u2013-Nella-tabella-lultima-e-la-tau.pdf\" target=\"_blank\" rel=\"noreferrer noopener\">11 \u2013 Nella tabella l\u2019ultima \u00e8 la <em>tau<\/em><\/a><\/p>\n\n\n\n<p class=\"wp-block-paragraph\"><a href=\"https:\/\/www.biblistica.it\/wp-content\/uploads\/2023\/07\/12-\u2013-Bara-non-fu-baraccare-ma-creare.pdf\" target=\"_blank\" rel=\"noreferrer noopener\">12 \u2013 Bar\u00e0 non fu baraccare ma creare<\/a><\/p>\n\n\n\n<p class=\"wp-block-paragraph\"><a href=\"https:\/\/www.biblistica.it\/wp-content\/uploads\/2023\/07\/13-\u2013-Lei-e-la-lettera-he-che-\u2013-he-discreta-\u2013-si-fa-sentire.pdf\" target=\"_blank\" rel=\"noreferrer noopener\">13 \u2013 Lei \u00e8 la lettera <em>he<\/em>, che \u2013 he, discreta \u2013 si fa sentire<\/a><\/p>\n\n\n\n<p class=\"wp-block-paragraph\"><a href=\"https:\/\/www.biblistica.it\/wp-content\/uploads\/2023\/07\/14-Mem-come-londa-che-termina-a-riva.pdf\" target=\"_blank\" rel=\"noreferrer noopener\">14 &#8211; <em>Mem<\/em> come l\u2019onda che termina a riva<\/a><\/p>\n\n\n\n<p class=\"wp-block-paragraph\"><a href=\"https:\/\/www.biblistica.it\/wp-content\/uploads\/2023\/07\/15-\u2013-Appoggiandosi-alla-vav-si-va-via.pdf\" target=\"_blank\" rel=\"noreferrer noopener\">15 \u2013 Appoggiandosi alla <em>vav<\/em> si va via<\/a><\/p>\n\n\n\n<p class=\"wp-block-paragraph\"><a href=\"https:\/\/www.biblistica.it\/wp-content\/uploads\/2023\/07\/16-La-tzadiq-giusta-per-tzadiq.pdf\" target=\"_blank\" rel=\"noreferrer noopener\">16 &#8211; La <em>tzad\u00ecq<\/em> giusta per <em>tzad\u00ecq<\/em><\/a><\/p>\n\n\n\n<p class=\"wp-block-paragraph\"><a href=\"https:\/\/www.biblistica.it\/wp-content\/uploads\/2023\/07\/17-Il-lungo-bacio-della-u.pdf\" target=\"_blank\" rel=\"noreferrer noopener\">17 &#8211; Il lungo bacio della <em>u<\/em><\/a><\/p>\n\n\n\n<p class=\"wp-block-paragraph\"><a href=\"https:\/\/www.biblistica.it\/wp-content\/uploads\/2023\/07\/18-Un-bicchiere-senzacqua-per-pronunciare-la-khet.pdf\" target=\"_blank\" rel=\"noreferrer noopener\">18 &#8211; Un bicchiere senz\u2019acqua per pronunciare la <em>khet<\/em><\/a><\/p>\n\n\n\n<p class=\"wp-block-paragraph\"><a href=\"https:\/\/www.biblistica.it\/wp-content\/uploads\/2023\/07\/19-Si-gira-dallaltra-parte-ma-non-e-una-cafona.pdf\" target=\"_blank\" rel=\"noreferrer noopener\">19 &#8211; Si gira dall\u2019altra parte ma non \u00e8 una <em>caf<\/em>ona<\/a><\/p>\n\n\n\n<p class=\"wp-block-paragraph\"><a href=\"https:\/\/www.biblistica.it\/wp-content\/uploads\/2023\/07\/20-\u2013-La-hai-in-gola-la-ayn.pdf\" target=\"_blank\" rel=\"noreferrer noopener\">20 \u2013 La h<em>ai in<\/em> gola la <em>\u00e0yn<\/em><\/a><\/p>\n\n\n\n<p class=\"wp-block-paragraph\"><a href=\"https:\/\/www.biblistica.it\/wp-content\/uploads\/2023\/07\/21-Alla-pe-senza-perno-rimane-la-fessura.pdf\" target=\"_blank\" rel=\"noreferrer noopener\">21 &#8211; Alla <em>pe <\/em>senza <em>pe<\/em>rno rimane la <em>fe<\/em>ssura<\/a><\/p>\n\n\n\n<p class=\"wp-block-paragraph\"><a href=\"https:\/\/www.biblistica.it\/wp-content\/uploads\/2023\/07\/22-Nun-il-serpente-aramaico.pdf\" target=\"_blank\" rel=\"noreferrer noopener\">22 &#8211;<em> Nun<\/em>, il serpente aramaico<\/a><\/p>\n\n\n\n<p class=\"wp-block-paragraph\"><a href=\"https:\/\/www.biblistica.it\/wp-content\/uploads\/2023\/07\/23-La-dalet-da-\u2013-letta-\u2013-la-d.pdf\" target=\"_blank\" rel=\"noreferrer noopener\">23 &#8211; La <em>d\u00e0let<\/em> <em>d\u00e0<\/em> \u2013 <em>let<\/em>ta \u2013 la d<\/a><\/p>\n\n\n\n<p class=\"wp-block-paragraph\"><a href=\"https:\/\/www.biblistica.it\/wp-content\/uploads\/2023\/07\/24-La-scimmia-qof.pdf\" target=\"_blank\" rel=\"noreferrer noopener\">24 &#8211; La scimmia <em>qof<\/em><\/a><\/p>\n\n\n\n<p class=\"wp-block-paragraph\"><a href=\"https:\/\/www.biblistica.it\/wp-content\/uploads\/2023\/07\/25-Con-una-rosa-in-testa-lei-si-gode-il-sole.pdf\" target=\"_blank\" rel=\"noreferrer noopener\">25 &#8211; Con una ro<em>s<\/em>a in <em>t<\/em>esta lei <em>s<\/em>i <em>g<\/em>ode il <em>s<\/em>ole<\/a><\/p>\n\n\n\n<p class=\"wp-block-paragraph\"><a href=\"https:\/\/www.biblistica.it\/wp-content\/uploads\/2023\/07\/26-Prestare-attenzione.pdf\" target=\"_blank\" rel=\"noreferrer noopener\">26 &#8211; Prestare attenzione<\/a><\/p>\n\n\n\n<p class=\"wp-block-paragraph\"><\/p>\n\n\n\n<p class=\"wp-block-paragraph\"><strong>Imparare a leggere il greco usando la Bibbia<\/strong><\/p>\n\n\n\n<p class=\"wp-block-paragraph\"><a href=\"https:\/\/www.biblistica.it\/wp-content\/uploads\/2023\/07\/1-\u2013-Chissa-se-la-prima-impressione-e-quella-che-conta.pdf\" target=\"_blank\" rel=\"noreferrer noopener\">1 \u2013 Chiss\u00e0 se la prima impressione \u00e8 quella che conta<\/a><\/p>\n\n\n\n<p class=\"wp-block-paragraph\"><a href=\"https:\/\/www.biblistica.it\/wp-content\/uploads\/2023\/07\/2-Ogni-suo-orpello-rende-il-greco-bello-con-lo-spirito-giusto.pdf\" target=\"_blank\" rel=\"noreferrer noopener\">2 &#8211; Ogni suo orpello rende il greco bello, con lo spirito giusto<\/a><\/p>\n\n\n\n<p class=\"wp-block-paragraph\"><a href=\"https:\/\/www.biblistica.it\/wp-content\/uploads\/2023\/07\/3-Son-sette-son-sorelle-e-fanno-i-vocalizzi.pdf\" target=\"_blank\" rel=\"noreferrer noopener\">3 &#8211; Son sette, son sorelle e fanno i vocalizzi<\/a><\/p>\n\n\n\n<p class=\"wp-block-paragraph\"><a href=\"https:\/\/www.biblistica.it\/wp-content\/uploads\/2023\/07\/4-Io-punto-in-alto-e-si-pone-una-domanda.pdf\" target=\"_blank\" rel=\"noreferrer noopener\">4 &#8211; Io punto in alto e si pone una domanda<\/a><\/p>\n\n\n\n<p class=\"wp-block-paragraph\"><a href=\"https:\/\/www.biblistica.it\/wp-content\/uploads\/2023\/07\/5-Un-caso-acuto-diventa-grave-ma-col-circonflesso-si-tratta-daccenti.pdf\" target=\"_blank\" rel=\"noreferrer noopener\">5 &#8211; Un caso acuto diventa grave, ma col circonflesso si tratta d\u2019accenti<\/a><\/p>\n\n\n\n<p class=\"wp-block-paragraph\"><a href=\"https:\/\/www.biblistica.it\/wp-content\/uploads\/2023\/07\/6-\u2013-B-come-Bibbia.pdf\" target=\"_blank\" rel=\"noreferrer noopener\">6 \u2013 B come Bibbia<\/a><\/p>\n\n\n\n<p class=\"wp-block-paragraph\"><a href=\"https:\/\/www.biblistica.it\/wp-content\/uploads\/2023\/07\/7-\u2013-Lazzaro-fu-lambito-dalla-morte.pdf\" target=\"_blank\" rel=\"noreferrer noopener\">7 \u2013 Lazzaro fu lambito dalla morte<\/a><\/p>\n\n\n\n<p class=\"wp-block-paragraph\"><a href=\"https:\/\/www.biblistica.it\/wp-content\/uploads\/2023\/07\/8-\u2013-Si-il-sigma-non-e-uno-stigma.pdf\" target=\"_blank\" rel=\"noreferrer noopener\">8 \u2013 S\u00ec, il sigma non \u00e8 uno stigma<\/a><\/p>\n\n\n\n<p class=\"wp-block-paragraph\"><a href=\"https:\/\/www.biblistica.it\/wp-content\/uploads\/2023\/07\/9-\u2013-La-gamma.pdf\" target=\"_blank\" rel=\"noreferrer noopener\">9 \u2013 La gamma<\/a><\/p>\n\n\n\n<p class=\"wp-block-paragraph\"><a href=\"https:\/\/www.biblistica.it\/wp-content\/uploads\/2023\/07\/10-\u2013-Si-scrive-vaso-e-si-legge-naso.pdf\" target=\"_blank\" rel=\"noreferrer noopener\">10 \u2013 Si scrive vaso e si legge naso<\/a><\/p>\n\n\n\n<p class=\"wp-block-paragraph\"><a href=\"https:\/\/www.biblistica.it\/wp-content\/uploads\/2023\/07\/11-\u2013-Sbaglia-chi-legge-ics.pdf\" target=\"_blank\" rel=\"noreferrer noopener\">11 \u2013 Sbaglia chi legge ics<\/a><\/p>\n\n\n\n<p class=\"wp-block-paragraph\"><a href=\"https:\/\/www.biblistica.it\/wp-content\/uploads\/2023\/07\/12-\u2013-Le-rane-non-sono-pane.pdf\" target=\"_blank\" rel=\"noreferrer noopener\">12 \u2013 Le rane non sono pane<\/a><\/p>\n\n\n\n<p class=\"wp-block-paragraph\"><a href=\"https:\/\/www.biblistica.it\/wp-content\/uploads\/2023\/07\/13-\u2013-Ma-guarda-\u03c4o-sto-leggendo.pdf\" target=\"_blank\" rel=\"noreferrer noopener\">13 \u2013 Ma guarda, \u03c4o\u2019, sto leggendo<\/a><\/p>\n\n\n\n<p class=\"wp-block-paragraph\"><a href=\"https:\/\/www.biblistica.it\/wp-content\/uploads\/2023\/07\/14-\u2013-Il-delta-del-fiume.pdf\" target=\"_blank\" rel=\"noreferrer noopener\">14 \u2013 Il delta del fiume<\/a><\/p>\n\n\n\n<p class=\"wp-block-paragraph\"><a href=\"https:\/\/www.biblistica.it\/wp-content\/uploads\/2023\/07\/15-\u2013-La-emme-del-mare.pdf\" target=\"_blank\" rel=\"noreferrer noopener\">15 \u2013 La emme del mare<\/a><\/p>\n\n\n\n<p class=\"wp-block-paragraph\"><a href=\"https:\/\/www.biblistica.it\/wp-content\/uploads\/2023\/07\/16-\u2013-La-dura-cappa.pdf\" target=\"_blank\" rel=\"noreferrer noopener\">16 \u2013 La dura cappa<\/a><\/p>\n\n\n\n<p class=\"wp-block-paragraph\"><a href=\"https:\/\/www.biblistica.it\/wp-content\/uploads\/2023\/07\/17-\u2013-La-lettera-che-fila.pdf\" target=\"_blank\" rel=\"noreferrer noopener\">17 \u2013 La lettera che fila<\/a><\/p>\n\n\n\n<p class=\"wp-block-paragraph\"><a href=\"https:\/\/www.biblistica.it\/wp-content\/uploads\/2023\/07\/18-\u2013-La-zeta.pdf\" target=\"_blank\" rel=\"noreferrer noopener\">18 \u2013 La zeta<\/a><\/p>\n\n\n\n<p class=\"wp-block-paragraph\"><a href=\"https:\/\/www.biblistica.it\/wp-content\/uploads\/2023\/07\/19-\u2013-La-the-taro-tra-i-denti.pdf\" target=\"_blank\" rel=\"noreferrer noopener\">19 \u2013 La the taro tra i denti<\/a><\/p>\n\n\n\n<p class=\"wp-block-paragraph\"><a href=\"https:\/\/www.biblistica.it\/wp-content\/uploads\/2023\/07\/20-\u2013-La-pi-greca.pdf\" target=\"_blank\" rel=\"noreferrer noopener\">20 \u2013 La pi greca<\/a><\/p>\n\n\n\n<p class=\"wp-block-paragraph\"><a href=\"https:\/\/www.biblistica.it\/wp-content\/uploads\/2023\/07\/21-\u2013-E-la-piu-difficile-ma-non-e-uno-csilofono.pdf\" target=\"_blank\" rel=\"noreferrer noopener\">21 \u2013 \u00c8 la pi\u00f9 difficile ma non \u00e8 uno csilofono<\/a><\/p>\n\n\n\n<p class=\"wp-block-paragraph\"><a href=\"https:\/\/www.biblistica.it\/wp-content\/uploads\/2023\/07\/22-\u2013-La-lettera-psicologica.pdf\" target=\"_blank\" rel=\"noreferrer noopener\">22 \u2013 La lettera psicologica<\/a><\/p>\n","protected":false},"excerpt":{"rendered":"<p>Imparare a leggere l&#8217;ebraico e il greco usando la Bibbia Presentazione Imparare a leggere l&#8217;ebraico usando la Bibbia 1 \u2013 L\u2019ebraico si legge da destra a sinistra 2 &#8211; Le vocali a, e, i , o, u \u2026 e non ci pensiamo pi\u00f9! 3 &#8211; Nella grammatica nasceva lo scev\u00e0 4 &#8211; Sillabe e tonificanti [&hellip;]<\/p>\n","protected":false},"author":1,"featured_media":0,"parent":4693,"menu_order":0,"comment_status":"closed","ping_status":"closed","template":"","meta":{"footnotes":""},"class_list":["post-9618","page","type-page","status-publish","hentry","entry"],"_links":{"self":[{"href":"https:\/\/www.biblistica.it\/index.php?rest_route=\/wp\/v2\/pages\/9618","targetHints":{"allow":["GET"]}}],"collection":[{"href":"https:\/\/www.biblistica.it\/index.php?rest_route=\/wp\/v2\/pages"}],"about":[{"href":"https:\/\/www.biblistica.it\/index.php?rest_route=\/wp\/v2\/types\/page"}],"author":[{"embeddable":true,"href":"https:\/\/www.biblistica.it\/index.php?rest_route=\/wp\/v2\/users\/1"}],"replies":[{"embeddable":true,"href":"https:\/\/www.biblistica.it\/index.php?rest_route=%2Fwp%2Fv2%2Fcomments&post=9618"}],"version-history":[{"count":60,"href":"https:\/\/www.biblistica.it\/index.php?rest_route=\/wp\/v2\/pages\/9618\/revisions"}],"predecessor-version":[{"id":12120,"href":"https:\/\/www.biblistica.it\/index.php?rest_route=\/wp\/v2\/pages\/9618\/revisions\/12120"}],"up":[{"embeddable":true,"href":"https:\/\/www.biblistica.it\/index.php?rest_route=\/wp\/v2\/pages\/4693"}],"wp:attachment":[{"href":"https:\/\/www.biblistica.it\/index.php?rest_route=%2Fwp%2Fv2%2Fmedia&parent=9618"}],"curies":[{"name":"wp","href":"https:\/\/api.w.org\/{rel}","templated":true}]}}